{"id":125,"date":"2021-09-18T16:27:49","date_gmt":"2021-09-18T16:27:49","guid":{"rendered":"https:\/\/seo.pixelmarketing.eu\/?page_id=125"},"modified":"2021-09-18T16:27:49","modified_gmt":"2021-09-18T16:27:49","slug":"teamberatung","status":"publish","type":"page","link":"https:\/\/was-wir-denken.de\/?page_id=125","title":{"rendered":"Teamentwicklung"},"content":{"rendered":"<div class=\"one_half_fluid\">\n<p><strong>SUPERVISION F\u00dcR TEAMS &#8211; <\/strong><strong>Verhalten reflektieren, Kompetenzen erweitern.<\/strong><\/p>\n<p>Teamaufbau<br \/>\n(pr\u00e4ventive Teamentwicklung bei neu gebildeten Teams)<\/p>\n<p>Kl\u00e4rung und Bew\u00e4ltigung von Krisen in Teams<\/p>\n<p>Unterst\u00fctzung von Meinungsbildungs- und Entscheidungsprozessen<\/p>\n<p>Unterst\u00fctzung sozialer Prozesse, Fall-Supervision<\/p>\n<p>Teamreflektion<br \/>\n(in gr\u00f6\u00dferen Zeitabst\u00e4nden wird das Teamgeschehen betrachtet, Erfolge und Schwierigkeiten beurteilt)<\/p>\n<p>Dabei arbeiten wir an dem Geschehen zwischen den Teammitgliedern, aber auch an dem Verh\u00e4ltnis zu dem Unternehmen.<\/p>\n<p><strong>\u201eNiemals haben zwei Menschen<br \/>\ndie gleiche Sache<br \/>\nganz in derselben Weise beruteilt;<br \/>\nund es ist unm\u00f6glich,<br \/>\nzwei Meinungen zu finden,<br \/>\ndie genau gleich sind,<br \/>\nnicht nur bei verschiedenen Menschen,<br \/>\nsondern sogar bei demselben Menschen<br \/>\nzu verschiedenen Zeiten&#8220;<\/strong> <em>Michel de Montaigne<\/em>\n<\/div>\n<div class=\"one_half_fluid last\">\n&nbsp;<br \/>\n<img loading=\"lazy\" decoding=\"async\" class=\"alignnone size-full wp-image-4088\" title=\"was wir denken.de\" src=\"https:\/\/was-wir-denken.de\/wp-content\/uploads\/2021\/09\/was-wir-denken.de_.jpeg\" alt=\"\" width=\"450\" height=\"301\" \/><br \/>\n&nbsp;<br \/>\n<img loading=\"lazy\" decoding=\"async\" class=\"alignnone size-full wp-image-4089\" title=\"was wir denken\" src=\"https:\/\/was-wir-denken.de\/wp-content\/uploads\/2021\/09\/was-wir-denken1.jpeg\" alt=\"\" width=\"450\" height=\"320\" \/>\n<\/div>\n<div class=\"clear\"><\/div>\n<p>Die Arbeitsschwerpunkte orientieren sich an Ihren jeweiligen W\u00fcnschen und Problemstellungen. F\u00fcr weitere Informationen stehe ich gern zur Verf\u00fcgung.<\/p>\n","protected":false},"excerpt":{"rendered":"<p>Die Arbeitsschwerpunkte orientieren sich an Ihren jeweiligen W\u00fcnschen und Problemstellungen. F\u00fcr weitere Informationen stehe ich gern zur Verf\u00fcgung.<\/p>\n","protected":false},"author":1,"featured_media":0,"parent":64,"menu_order":0,"comment_status":"closed","ping_status":"closed","template":"","meta":{"ngg_post_thumbnail":0,"footnotes":""},"class_list":["post-125","page","type-page","status-publish","hentry"],"_links":{"self":[{"href":"https:\/\/was-wir-denken.de\/index.php?rest_route=\/wp\/v2\/pages\/125","targetHints":{"allow":["GET"]}}],"collection":[{"href":"https:\/\/was-wir-denken.de\/index.php?rest_route=\/wp\/v2\/pages"}],"about":[{"href":"https:\/\/was-wir-denken.de\/index.php?rest_route=\/wp\/v2\/types\/page"}],"author":[{"embeddable":true,"href":"https:\/\/was-wir-denken.de\/index.php?rest_route=\/wp\/v2\/users\/1"}],"replies":[{"embeddable":true,"href":"https:\/\/was-wir-denken.de\/index.php?rest_route=%2Fwp%2Fv2%2Fcomments&post=125"}],"version-history":[{"count":0,"href":"https:\/\/was-wir-denken.de\/index.php?rest_route=\/wp\/v2\/pages\/125\/revisions"}],"up":[{"embeddable":true,"href":"https:\/\/was-wir-denken.de\/index.php?rest_route=\/wp\/v2\/pages\/64"}],"wp:attachment":[{"href":"https:\/\/was-wir-denken.de\/index.php?rest_route=%2Fwp%2Fv2%2Fmedia&parent=125"}],"curies":[{"name":"wp","href":"https:\/\/api.w.org\/{rel}","templated":true}]}}